{"id":2,"date":"2010-05-13T04:58:56","date_gmt":"2010-05-13T09:58:56","guid":{"rendered":"http:\/\/pamkakel.se\/temp\/?page_id=2"},"modified":"2020-02-12T17:46:00","modified_gmt":"2020-02-12T15:46:00","slug":"about","status":"publish","type":"page","link":"https:\/\/www.pamkakel.se\/","title":{"rendered":"V\u00e4lkommen"},"content":{"rendered":"<div class=\"fcbkbttn_buttons_block\" id=\"fcbkbttn_left\"><div class=\"fcbkbttn_button\">\n\t\t\t\t\t<a href=\"https:\/\/www.facebook.com\/pamkakel\" target=\"_blank\">\n\t\t\t\t\t\t<img decoding=\"async\" src=\"https:\/\/www.pamkakel.se\/wp-content\/plugins\/facebook-button-plugin\/images\/standard-facebook-ico.png\" alt=\"Fb-Button\" \/>\n\t\t\t\t\t<\/a>\n\t\t\t\t<\/div><div class=\"fb-share-button  \" data-href=\"https:\/\/www.pamkakel.se\/\" data-type=\"button\" data-size=\"small\"><\/div><\/div><div id=\"attachment_147\" style=\"width: 160px\" class=\"wp-caption alignright\"><a href=\"https:\/\/www.pamkakel.se\/wp-content\/uploads\/2011\/09\/perre-e1315838881327.jpg\"><img loading=\"lazy\" decoding=\"async\" aria-describedby=\"caption-attachment-147\" class=\"size-thumbnail wp-image-147\" src=\"https:\/\/www.pamkakel.se\/wp-content\/uploads\/2011\/09\/perre-e1315838881327-150x150.jpg\" alt=\"\" width=\"150\" height=\"150\"><\/a><p id=\"caption-attachment-147\" class=\"wp-caption-text\">Per M\u00f6rtsj\u00f6, Tel:&nbsp;0708&nbsp;992691<\/p><\/div>\n<div id=\"attachment_146\" style=\"width: 160px\" class=\"wp-caption alignright\"><a href=\"https:\/\/www.pamkakel.se\/wp-content\/uploads\/2011\/09\/matte-e1315838710455.jpg\"><img loading=\"lazy\" decoding=\"async\" aria-describedby=\"caption-attachment-146\" class=\"size-thumbnail wp-image-146\" src=\"https:\/\/www.pamkakel.se\/wp-content\/uploads\/2011\/09\/matte-e1315838710455-150x150.jpg\" alt=\"\" width=\"150\" height=\"150\"><\/a><p id=\"caption-attachment-146\" class=\"wp-caption-text\">Mattias Mikaelsson, Tel:&nbsp;0707&nbsp;169937<\/p><\/div>\n<p>P.A.M. Kakel &amp; Bygg AB \u00e4r ett f\u00f6retag som bedriver verksamhet inom platts\u00e4ttning och byggnation sedan 2004. F\u00f6retaget drivs av Per Arne M\u00f6rtsj\u00f6 och Mattias Mikaelsson som har m\u00e5ng\u00e5rig erfarenhet fr\u00e5n platts\u00e4ttning och byggnation.<\/p>\n<h2>Beh\u00f6righeter<\/h2>\n<p>P.A.M Kakel &amp; Bygg AB har beh\u00f6righet f\u00f6r arbeten i v\u00e5tutrymmen enligt godk\u00e4nt v\u00e5trumscertifikat. D\u00e4rmed kan Ni vara s\u00e4kra p\u00e5 att arbetet blir r\u00e4tt gjort och att risken f\u00f6r framtida fuktskador minimeras.<\/p>\n<h2>Samarbetspartners<\/h2>\n<p>Vi arbetar med tv\u00e5 av de mest k\u00e4nda leverant\u00f6rerna av kakel och klinker, n\u00e4mligen H\u00f6gan\u00e4s Kakelcenter och Kakelspecialisten. Detta borgar f\u00f6r en h\u00f6g kvalitet p\u00e5 materialet vi anv\u00e4nder.<\/p>\n<h2>Stor erfarenhet<\/h2>\n<p>P.A.M. Kakel har idag fyra heltidsanst\u00e4llda platts\u00e4ttare med kunskaper inom murning, putsning, gjutning och stenl\u00e4ggning.<\/p>\n<h2>Total entreprenad<\/h2>\n<p>F\u00f6r hj\u00e4lp med att kakla om badrummet, l\u00e4gga klinker eller fr\u00e4scha upp k\u00f6ket, kontakta oss f\u00f6r en personlig och kunnig hantverkare. Vi \u00e5tar oss \u00e4ven totalentreprenader och har ett n\u00e4ra samarbete med elektriker, r\u00f6rmokare, snickare osv. Tag g\u00e4rna kontakt med oss f\u00f6r mer information!<\/p>\n<p>F\u00f6retaget har godk\u00e4nt v\u00e5trumscertifikat.<\/p>\n<p>P.A.M Kakel &amp; Bygg AB innehar F-skattsedel.<\/p>\n<p>Org.nr: 556686-5449<\/p>\n<p>Bankgiro: 5635-0671<\/p>\n<p>Plusgiro: 426631-8<\/p>\n","protected":false},"excerpt":{"rendered":"<p>P.A.M. Kakel &amp; Bygg AB \u00e4r ett f\u00f6retag som bedriver verksamhet inom platts\u00e4ttning och byggnation sedan 2004. F\u00f6retaget drivs av Per Arne M\u00f6rtsj\u00f6 och Mattias Mikaelsson som har m\u00e5ng\u00e5rig erfarenhet fr\u00e5n platts\u00e4ttning och byggnation. Beh\u00f6righeter P.A.M Kakel &amp; Bygg AB har beh\u00f6righet f\u00f6r arbeten i v\u00e5tutrymmen enligt godk\u00e4nt v\u00e5trumscertifikat. D\u00e4rmed kan Ni vara s\u00e4kra p\u00e5 [&hellip;]<\/p>\n","protected":false},"author":1,"featured_media":0,"parent":0,"menu_order":1,"comment_status":"open","ping_status":"open","template":"","meta":{"footnotes":""},"class_list":["post-2","page","type-page","status-publish","hentry"],"yoast_head":"<!-- This site is optimized with the Yoast SEO plugin v27.5 - https:\/\/yoast.com\/product\/yoast-seo-wordpress\/ -->\n<title>Badrumsrenovering Huddinge, Nacka, S\u00f6dermalm, Farsta, Tyres\u00f6 &amp; V\u00e4rmd\u00f6<\/title>\n<meta name=\"description\" content=\"P.A.M. Kakel &amp; Bygg AB \u00e4r ett f\u00f6retag som bedriver verksamhet inom platts\u00e4ttning och byggnation sedan 2004.\" \/>\n<meta name=\"robots\" content=\"index, follow, max-snippet:-1, max-image-preview:large, max-video-preview:-1\" \/>\n<link rel=\"canonical\" href=\"https:\/\/www.pamkakel.se\/\" \/>\n<meta property=\"og:locale\" content=\"sv_SE\" \/>\n<meta property=\"og:type\" content=\"article\" \/>\n<meta property=\"og:title\" content=\"Badrumsrenovering Huddinge, Nacka, S\u00f6dermalm, Farsta, Tyres\u00f6 &amp; V\u00e4rmd\u00f6\" \/>\n<meta property=\"og:description\" content=\"P.A.M. Kakel &amp; Bygg AB \u00e4r ett f\u00f6retag som bedriver verksamhet inom platts\u00e4ttning och byggnation sedan 2004.\" \/>\n<meta property=\"og:url\" content=\"https:\/\/www.pamkakel.se\/\" \/>\n<meta property=\"og:site_name\" content=\"P A M Kakel &amp; Bygg AB\" \/>\n<meta property=\"article:modified_time\" content=\"2020-02-12T15:46:00+00:00\" \/>\n<meta property=\"og:image\" content=\"https:\/\/www.pamkakel.se\/wp-content\/uploads\/2011\/09\/perre-e1315838881327-150x150.jpg\" \/>\n<meta name=\"twitter:card\" content=\"summary_large_image\" \/>\n<meta name=\"twitter:label1\" content=\"Ber\u00e4knad l\u00e4stid\" \/>\n\t<meta name=\"twitter:data1\" content=\"1 minut\" \/>\n<script type=\"application\/ld+json\" class=\"yoast-schema-graph\">{\"@context\":\"https:\\\/\\\/schema.org\",\"@graph\":[{\"@type\":\"WebPage\",\"@id\":\"https:\\\/\\\/www.pamkakel.se\\\/\",\"url\":\"https:\\\/\\\/www.pamkakel.se\\\/\",\"name\":\"Badrumsrenovering Huddinge, Nacka, S\u00f6dermalm, Farsta, Tyres\u00f6 & V\u00e4rmd\u00f6\",\"isPartOf\":{\"@id\":\"https:\\\/\\\/www.pamkakel.se\\\/#website\"},\"primaryImageOfPage\":{\"@id\":\"https:\\\/\\\/www.pamkakel.se\\\/#primaryimage\"},\"image\":{\"@id\":\"https:\\\/\\\/www.pamkakel.se\\\/#primaryimage\"},\"thumbnailUrl\":\"https:\\\/\\\/www.pamkakel.se\\\/wp-content\\\/uploads\\\/2011\\\/09\\\/perre-e1315838881327-150x150.jpg\",\"datePublished\":\"2010-05-13T09:58:56+00:00\",\"dateModified\":\"2020-02-12T15:46:00+00:00\",\"description\":\"P.A.M. Kakel & Bygg AB \u00e4r ett f\u00f6retag som bedriver verksamhet inom platts\u00e4ttning och byggnation sedan 2004.\",\"breadcrumb\":{\"@id\":\"https:\\\/\\\/www.pamkakel.se\\\/#breadcrumb\"},\"inLanguage\":\"sv-SE\",\"potentialAction\":[{\"@type\":\"ReadAction\",\"target\":[\"https:\\\/\\\/www.pamkakel.se\\\/\"]}]},{\"@type\":\"ImageObject\",\"inLanguage\":\"sv-SE\",\"@id\":\"https:\\\/\\\/www.pamkakel.se\\\/#primaryimage\",\"url\":\"https:\\\/\\\/www.pamkakel.se\\\/wp-content\\\/uploads\\\/2011\\\/09\\\/perre-e1315838881327.jpg\",\"contentUrl\":\"https:\\\/\\\/www.pamkakel.se\\\/wp-content\\\/uploads\\\/2011\\\/09\\\/perre-e1315838881327.jpg\",\"width\":\"968\",\"height\":\"1296\",\"caption\":\"Per M\u00f6rtsj\u00f6, Tel: 0708 992691\"},{\"@type\":\"BreadcrumbList\",\"@id\":\"https:\\\/\\\/www.pamkakel.se\\\/#breadcrumb\",\"itemListElement\":[{\"@type\":\"ListItem\",\"position\":1,\"name\":\"Hem\",\"item\":\"https:\\\/\\\/www.pamkakel.se\\\/\"},{\"@type\":\"ListItem\",\"position\":2,\"name\":\"V\u00e4lkommen\"}]},{\"@type\":\"WebSite\",\"@id\":\"https:\\\/\\\/www.pamkakel.se\\\/#website\",\"url\":\"https:\\\/\\\/www.pamkakel.se\\\/\",\"name\":\"P A M Kakel &amp; Bygg AB\",\"description\":\"Specialisten p\u00e5 badrum\",\"potentialAction\":[{\"@type\":\"SearchAction\",\"target\":{\"@type\":\"EntryPoint\",\"urlTemplate\":\"https:\\\/\\\/www.pamkakel.se\\\/?s={search_term_string}\"},\"query-input\":{\"@type\":\"PropertyValueSpecification\",\"valueRequired\":true,\"valueName\":\"search_term_string\"}}],\"inLanguage\":\"sv-SE\"}]}<\/script>\n<!-- \/ Yoast SEO plugin. -->","yoast_head_json":{"title":"Badrumsrenovering Huddinge, Nacka, S\u00f6dermalm, Farsta, Tyres\u00f6 & V\u00e4rmd\u00f6","description":"P.A.M. Kakel & Bygg AB \u00e4r ett f\u00f6retag som bedriver verksamhet inom platts\u00e4ttning och byggnation sedan 2004.","robots":{"index":"index","follow":"follow","max-snippet":"max-snippet:-1","max-image-preview":"max-image-preview:large","max-video-preview":"max-video-preview:-1"},"canonical":"https:\/\/www.pamkakel.se\/","og_locale":"sv_SE","og_type":"article","og_title":"Badrumsrenovering Huddinge, Nacka, S\u00f6dermalm, Farsta, Tyres\u00f6 & V\u00e4rmd\u00f6","og_description":"P.A.M. Kakel & Bygg AB \u00e4r ett f\u00f6retag som bedriver verksamhet inom platts\u00e4ttning och byggnation sedan 2004.","og_url":"https:\/\/www.pamkakel.se\/","og_site_name":"P A M Kakel &amp; Bygg AB","article_modified_time":"2020-02-12T15:46:00+00:00","og_image":[{"url":"https:\/\/www.pamkakel.se\/wp-content\/uploads\/2011\/09\/perre-e1315838881327-150x150.jpg","type":"","width":"","height":""}],"twitter_card":"summary_large_image","twitter_misc":{"Ber\u00e4knad l\u00e4stid":"1 minut"},"schema":{"@context":"https:\/\/schema.org","@graph":[{"@type":"WebPage","@id":"https:\/\/www.pamkakel.se\/","url":"https:\/\/www.pamkakel.se\/","name":"Badrumsrenovering Huddinge, Nacka, S\u00f6dermalm, Farsta, Tyres\u00f6 & V\u00e4rmd\u00f6","isPartOf":{"@id":"https:\/\/www.pamkakel.se\/#website"},"primaryImageOfPage":{"@id":"https:\/\/www.pamkakel.se\/#primaryimage"},"image":{"@id":"https:\/\/www.pamkakel.se\/#primaryimage"},"thumbnailUrl":"https:\/\/www.pamkakel.se\/wp-content\/uploads\/2011\/09\/perre-e1315838881327-150x150.jpg","datePublished":"2010-05-13T09:58:56+00:00","dateModified":"2020-02-12T15:46:00+00:00","description":"P.A.M. Kakel & Bygg AB \u00e4r ett f\u00f6retag som bedriver verksamhet inom platts\u00e4ttning och byggnation sedan 2004.","breadcrumb":{"@id":"https:\/\/www.pamkakel.se\/#breadcrumb"},"inLanguage":"sv-SE","potentialAction":[{"@type":"ReadAction","target":["https:\/\/www.pamkakel.se\/"]}]},{"@type":"ImageObject","inLanguage":"sv-SE","@id":"https:\/\/www.pamkakel.se\/#primaryimage","url":"https:\/\/www.pamkakel.se\/wp-content\/uploads\/2011\/09\/perre-e1315838881327.jpg","contentUrl":"https:\/\/www.pamkakel.se\/wp-content\/uploads\/2011\/09\/perre-e1315838881327.jpg","width":"968","height":"1296","caption":"Per M\u00f6rtsj\u00f6, Tel: 0708 992691"},{"@type":"BreadcrumbList","@id":"https:\/\/www.pamkakel.se\/#breadcrumb","itemListElement":[{"@type":"ListItem","position":1,"name":"Hem","item":"https:\/\/www.pamkakel.se\/"},{"@type":"ListItem","position":2,"name":"V\u00e4lkommen"}]},{"@type":"WebSite","@id":"https:\/\/www.pamkakel.se\/#website","url":"https:\/\/www.pamkakel.se\/","name":"P A M Kakel &amp; Bygg AB","description":"Specialisten p\u00e5 badrum","potentialAction":[{"@type":"SearchAction","target":{"@type":"EntryPoint","urlTemplate":"https:\/\/www.pamkakel.se\/?s={search_term_string}"},"query-input":{"@type":"PropertyValueSpecification","valueRequired":true,"valueName":"search_term_string"}}],"inLanguage":"sv-SE"}]}},"_links":{"self":[{"href":"https:\/\/www.pamkakel.se\/index.php?rest_route=\/wp\/v2\/pages\/2","targetHints":{"allow":["GET"]}}],"collection":[{"href":"https:\/\/www.pamkakel.se\/index.php?rest_route=\/wp\/v2\/pages"}],"about":[{"href":"https:\/\/www.pamkakel.se\/index.php?rest_route=\/wp\/v2\/types\/page"}],"author":[{"embeddable":true,"href":"https:\/\/www.pamkakel.se\/index.php?rest_route=\/wp\/v2\/users\/1"}],"replies":[{"embeddable":true,"href":"https:\/\/www.pamkakel.se\/index.php?rest_route=%2Fwp%2Fv2%2Fcomments&post=2"}],"version-history":[{"count":22,"href":"https:\/\/www.pamkakel.se\/index.php?rest_route=\/wp\/v2\/pages\/2\/revisions"}],"predecessor-version":[{"id":763,"href":"https:\/\/www.pamkakel.se\/index.php?rest_route=\/wp\/v2\/pages\/2\/revisions\/763"}],"wp:attachment":[{"href":"https:\/\/www.pamkakel.se\/index.php?rest_route=%2Fwp%2Fv2%2Fmedia&parent=2"}],"curies":[{"name":"wp","href":"https:\/\/api.w.org\/{rel}","templated":true}]}}